{"id":3940,"date":"2023-12-24T08:43:01","date_gmt":"2023-12-24T11:43:01","guid":{"rendered":"https:\/\/joaosoaresneto.com.br\/?page_id=3940"},"modified":"2024-03-14T19:28:02","modified_gmt":"2024-03-14T22:28:02","slug":"sobre-o-autor","status":"publish","type":"page","link":"https:\/\/joaosoaresneto.com.br\/index.php\/sobre-o-autor\/","title":{"rendered":"Sobre o autor"},"content":{"rendered":"\n<p><strong>Jo\u00e3o Soares Neto<\/strong>, nascido no dia 22 de Agosto de 1941 em&nbsp;<a href=\"https:\/\/pt.wikipedia.org\/wiki\/Fortaleza\">Fortaleza<\/a>, Cear\u00e1, \u00e9 jornalista,&nbsp;<a href=\"https:\/\/pt.wikipedia.org\/wiki\/Administrador\">administrador<\/a>,&nbsp;<a href=\"https:\/\/pt.wikipedia.org\/wiki\/Advogado\">advogado<\/a>,&nbsp;<a href=\"https:\/\/pt.wikipedia.org\/wiki\/Empres%C3%A1rio\">empres\u00e1rio<\/a>,&nbsp;<a href=\"https:\/\/pt.wikipedia.org\/wiki\/C%C3%B4nsul_(diplomacia)\">c\u00f4nsul<\/a>&nbsp;honor\u00e1rio do M\u00e9xico e&nbsp;<a href=\"https:\/\/pt.wikipedia.org\/wiki\/Escritor\">escritor<\/a>&nbsp;brasileiro, membro da&nbsp;<a href=\"https:\/\/pt.wikipedia.org\/wiki\/Academia_Cearense_de_Letras\">Academia Cearense de Letras<\/a>.<\/p>\n\n\n\n<h2 class=\"wp-block-heading\">Biografia<\/h2>\n\n\n\n<p>Bacharel em Administra\u00e7\u00e3o pela&nbsp;<a href=\"https:\/\/pt.wikipedia.org\/wiki\/Universidade_Estadual_do_Cear%C3%A1\">Universidade Estadual do Cear\u00e1<\/a>, em 1964, e em Direito pela&nbsp;<a href=\"https:\/\/pt.wikipedia.org\/wiki\/Universidade_Federal_do_Cear%C3%A1\">Universidade Federal do Cear\u00e1<\/a>, em 1965. Fez mediante concurso, um curso na&nbsp;<a href=\"https:\/\/pt.wikipedia.org\/wiki\/Universidade_de_Harvard\">Universidade de Harvard<\/a>&nbsp;&#8211; Cambridge, Massachussets &#8211; Life and Institutions in the United States, 1963 e uma visita t\u00e9cnica \u00e0&nbsp;<a href=\"https:\/\/pt.wikipedia.org\/wiki\/Escola_Nacional_de_Administra%C3%A7%C3%A3o\"><em>\u00c9cole Nationale de Administration<\/em><\/a>, Paris, Fran\u00e7a, 1965. \u00c9 C\u00f4nsul Honor\u00e1rio do M\u00e9xico, no Cear\u00e1, com carta patente expedida pela Secretaria de Rela\u00e7\u00f5es Exteriores dos Estados Unidos Mexicanos, em 2000.<\/p>\n\n\n\n<p>Empres\u00e1rio, filho de Francisco Bezerra de Oliveira e Margarida Caminha, empreendedor do Shopping Benfica, cuja institui\u00e7\u00e3o mant\u00e9m v\u00e1rias atividades culturais (Galeria BenficArte e Espa\u00e7o de Leitura), reconhecidas com premia\u00e7\u00f5es ofertadas pela Secretaria de Cultura do Estado do Cear\u00e1. Integrou o Conselho da&nbsp;<a href=\"https:\/\/pt.wikipedia.org\/wiki\/Ordem_dos_Advogados_do_Brasil\">Ordem dos Advogados do Brasil<\/a>&nbsp;&#8211; Sec\u00e7\u00e3o do Cear\u00e1 e foi palestrante em v\u00e1rias institui\u00e7\u00f5es de ensino e sociedades cearenses.<\/p>\n\n\n\n<p>Ingressou na Academia Cearense de Letras no dia 21 de fevereiro de 2013 . Ocupa a vaga deixada pelo acad\u00eamico Alberto Nepomuceno de Oliveira, cadeira 35, cujo patrono \u00e9&nbsp;<a href=\"https:\/\/pt.wikipedia.org\/wiki\/Tom%C3%A1s_Pompeu_de_Sousa_Brasil_(II)\">Thomaz Pompeu<\/a>. S\u00f3cio fundador e ex-presidente da Academia Fortalezense de Letras; membro da Associa\u00e7\u00e3o Brasileira de Bibli\u00f3filos e da Sociedade Consular do Cear\u00e1.<\/p>\n\n\n\n<p>Jornalista, tendo iniciado sua atividade como estudante no&nbsp;<em><a href=\"https:\/\/pt.wikipedia.org\/wiki\/Correio_do_Cear%C3%A1\">Correio do Cear\u00e1<\/a><\/em>, com as colunas&nbsp;<em>Informes acad\u00eamicos<\/em>&nbsp;e&nbsp;<em>Administra\u00e7\u00e3o e Neg\u00f3cios<\/em>&nbsp;(1962-1969). Ass\u00edduo colaborador dos jornais de Fortaleza,&nbsp;<em><a href=\"https:\/\/pt.wikipedia.org\/wiki\/Di%C3%A1rio_do_Nordeste\">Di\u00e1rio do Nordeste<\/a><\/em>&nbsp;e o&nbsp;<em>O Estado<\/em>, do jornal&nbsp;<em>Casa do Cear\u00e1<\/em>, Bras\u00edlia, das revistas&nbsp;<em>Literapia<\/em>,&nbsp;<em>Revista do Escritor Brasileiro<\/em>,&nbsp;<em>Acta Liter\u00e1ria<\/em>,&nbsp;<em>Scriptorium<\/em>,&nbsp;<em>Fale<\/em>,&nbsp;<em>Contempor\u00e2nea<\/em>&nbsp;e de v\u00e1rias antologias.<\/p>\n\n\n\n<h2 class=\"wp-block-heading\">Obras<\/h2>\n\n\n\n<ul class=\"wp-block-list\">\n<li><em>Sobre a Vida e o Amor<\/em> (1999)<\/li>\n\n\n\n<li><em>Microcontos<\/em> (2000)<\/li>\n\n\n\n<li><em>Sobre todas as coisas<\/em>&#8230; (2001)<\/li>\n\n\n\n<li><em>Sobre A G\u00eanese e o Caos<\/em> (2002), pref\u00e1cio de <a href=\"https:\/\/pt.wikipedia.org\/wiki\/Nat%C3%A9rcia_Campos\">Nat\u00e9rcia Campos<\/a><\/li>\n\n\n\n<li><em><a href=\"https:\/\/a.co\/d\/8Vlxvch\" target=\"_blank\" rel=\"noreferrer noopener\">Conversas de Domingo<\/a><\/em> (2009)<\/li>\n\n\n\n<li><em><a href=\"https:\/\/a.co\/d\/5mTLFlf\" target=\"_blank\" rel=\"noreferrer noopener\">Gente que Conta<\/a><\/em> (2010)<\/li>\n\n\n\n<li><em>Fam\u00edlia, Raz\u00e3o Primeira<\/em> (2011)<\/li>\n\n\n\n<li><em>Hist\u00f3rias Singulares<\/em> (2014)<\/li>\n\n\n\n<li><em>Experi\u00eancia como Presidente<\/em> (2017)<\/li>\n\n\n\n<li><a href=\"https:\/\/a.co\/d\/0GLvKV6\" target=\"_blank\" rel=\"noreferrer noopener\">Cr\u00f4nicas Datadas<\/a> (2020)<\/li>\n\n\n\n<li><a href=\"https:\/\/a.co\/d\/1kdsadT\" target=\"_blank\" rel=\"noreferrer noopener\">Futebol com Tatu-Bola Dicion\u00e1rio W\u00f6rterbuch<\/a> (2014)<\/li>\n<\/ul>\n\n\n\n<h2 class=\"wp-block-heading\">Distin\u00e7\u00f5es e homenagens<\/h2>\n\n\n\n<p>Recebeu as seguintes honrarias:<\/p>\n\n\n\n<ul class=\"wp-block-list\">\n<li>Administrador Not\u00e1vel, em 1993, pelo&nbsp;<a href=\"https:\/\/pt.wikipedia.org\/wiki\/Conselho_Regional_de_Administra%C3%A7%C3%A3o\">Conselho Regional de Administra\u00e7\u00e3o<\/a>, 1993;<\/li>\n\n\n\n<li>L\u00edder do setor de Shopping Centers no per\u00edodo de 2001-2010 e L\u00edder Estadual, conferidos pela&nbsp;<a href=\"https:\/\/pt.wikipedia.org\/wiki\/Gazeta_Mercantil\">Gazeta Mercantil<\/a>&nbsp;e pelo F\u00f3rum de L\u00edderes de S\u00e3o Paulo, pelo empreendimento <a href=\"https:\/\/shoppingbenfica.com.br\/\" target=\"_blank\" rel=\"noreferrer noopener\">Shopping Benfica<\/a>;<\/li>\n\n\n\n<li>Homenagem Especial do Dia do Administrador, pela&nbsp;<a href=\"https:\/\/pt.wikipedia.org\/wiki\/Assembleia_Legislativa_do_Cear%C3%A1\">Assembleia Legislativa do Cear\u00e1<\/a>, 2009;<\/li>\n\n\n\n<li>Homenagem da&nbsp;<a href=\"https:\/\/pt.wikipedia.org\/wiki\/Associa%C3%A7%C3%A3o_Cearense_de_Imprensa\">Associa\u00e7\u00e3o Cearense de Imprensa<\/a>&nbsp;&#8211; ACI, por 40 anos de associado e membro do seu Conselho Deliberativo;<\/li>\n\n\n\n<li>M\u00e9rito Cultural da Academia Cearense de Letras, 2004.<\/li>\n\n\n\n<li>Recebeu a Medalha Botic\u00e1rio Ferreira, 1990;<\/li>\n\n\n\n<li>Medalha do Bombeiro Militar;<\/li>\n\n\n\n<li>Medalha Jos\u00e9 Martiniano de Alencar da&nbsp;<a href=\"https:\/\/pt.wikipedia.org\/wiki\/Pol%C3%ADcia_Militar_do_Estado_do_Cear%C3%A1\">Pol\u00edcia Militar do Estado do Cear\u00e1<\/a>;<\/li>\n\n\n\n<li>Medalha do M\u00e9rito Cultural Bar\u00e3o de Studart;<\/li>\n\n\n\n<li>Medalha&nbsp; Cultural Jos\u00e9 Mindlin, da Associa\u00e7\u00e3o Brasileira de Bibli\u00f3filos.<\/li>\n\n\n\n<li>Membro titular da&nbsp;<a href=\"https:\/\/pt.wikipedia.org\/wiki\/Associa%C3%A7%C3%A3o_Nacional_de_Escritores\">Associa\u00e7\u00e3o Nacional de Escritores<\/a>&nbsp;&#8211; ANE<\/li>\n<\/ul>\n\n\n\n<h2 class=\"wp-block-heading\">Empreendimentos<\/h2>\n\n\n\n<ul class=\"wp-block-list\">\n<li><a href=\"https:\/\/planos.com.br\/\">Planos T\u00e9cnicos do Brasil Ltda.<\/a><\/li>\n\n\n\n<li><a href=\"https:\/\/shoppingbenfica.com.br\/\" target=\"_blank\" rel=\"noreferrer noopener\">Shopping Benfica<\/a><\/li>\n\n\n\n<li><a href=\"https:\/\/www.cinemasbenfica.com.br\/\" target=\"_blank\" rel=\"noreferrer noopener\">Cinemas Benfica<\/a><\/li>\n<\/ul>\n\n\n\n<p>Fonte: <a href=\"https:\/\/pt.wikipedia.org\/wiki\/Jo%C3%A3o_Soares_Neto\" target=\"_blank\" rel=\"noreferrer noopener\">Wikip\u00e9dia<\/a> <\/p>\n","protected":false},"excerpt":{"rendered":"<p>Jo\u00e3o Soares Neto, nascido no [&hellip;]<\/p>\n","protected":false},"author":2,"featured_media":0,"parent":0,"menu_order":0,"comment_status":"closed","ping_status":"closed","template":"","meta":{"footnotes":""},"class_list":["post-3940","page","type-page","status-publish","hentry"],"jetpack_sharing_enabled":true,"_links":{"self":[{"href":"https:\/\/joaosoaresneto.com.br\/index.php\/wp-json\/wp\/v2\/pages\/3940","targetHints":{"allow":["GET"]}}],"collection":[{"href":"https:\/\/joaosoaresneto.com.br\/index.php\/wp-json\/wp\/v2\/pages"}],"about":[{"href":"https:\/\/joaosoaresneto.com.br\/index.php\/wp-json\/wp\/v2\/types\/page"}],"author":[{"embeddable":true,"href":"https:\/\/joaosoaresneto.com.br\/index.php\/wp-json\/wp\/v2\/users\/2"}],"replies":[{"embeddable":true,"href":"https:\/\/joaosoaresneto.com.br\/index.php\/wp-json\/wp\/v2\/comments?post=3940"}],"version-history":[{"count":6,"href":"https:\/\/joaosoaresneto.com.br\/index.php\/wp-json\/wp\/v2\/pages\/3940\/revisions"}],"predecessor-version":[{"id":3967,"href":"https:\/\/joaosoaresneto.com.br\/index.php\/wp-json\/wp\/v2\/pages\/3940\/revisions\/3967"}],"wp:attachment":[{"href":"https:\/\/joaosoaresneto.com.br\/index.php\/wp-json\/wp\/v2\/media?parent=3940"}],"curies":[{"name":"wp","href":"https:\/\/api.w.org\/{rel}","templated":true}]}}